{"id":312,"date":"2024-01-02T14:43:24","date_gmt":"2024-01-02T13:43:24","guid":{"rendered":"http:\/\/aufildespas69.fr\/?page_id=312"},"modified":"2025-12-17T10:45:48","modified_gmt":"2025-12-17T09:45:48","slug":"reservation-des-ateliers","status":"publish","type":"page","link":"https:\/\/aufildespas69.fr\/index.php\/reservation-des-ateliers\/","title":{"rendered":"R\u00e9servation des ateliers"},"content":{"rendered":"\n<p class=\"has-text-align-center\"><em><strong>Ci-dessous<em><strong> les ateliers ouverts<\/strong><\/em>, vous recevrez <\/strong><\/em><strong><em>un mail de<\/em><\/strong> <em><strong>confirmation d&rsquo;inscription une fois votre r\u00e9servation valid\u00e9e. <\/strong><\/em><\/p>\n\n\n\n<p>Pour une meilleure organisation, les inscriptions seront ouvertes 2 mois \u00e0 l\u2019avance et sont cl\u00f4tur\u00e9es deux jours avant.<\/p>\n\n\n\n<p class=\"has-text-align-center\"><em><strong>Merci d&rsquo;indiquer le Pr\u00e9nom de votre enfant lors de la r\u00e9servation ainsi que son stade moteur et son \u00e2ge dans la rubrique \u00ab\u00a0option\u00a0\u00bb<\/strong><\/em><\/p>\n\n\n\n<div class=\"wp-block-amelia-step-booking-gutenberg-block\">\n<script>\n  if (typeof hasAmeliaEntitiesApiCall === 'undefined' && ('' === '' && '' !== '1')) {\n    var hasAmeliaEntitiesApiCall = true;\n  }\n  var ameliaShortcodeData = (typeof ameliaShortcodeData === 'undefined') ? [] : ameliaShortcodeData;\n  ameliaShortcodeData.push(\n    {\n      'hasApiCall': (typeof hasAmeliaEntitiesApiCall !== 'undefined') && hasAmeliaEntitiesApiCall,\n      'trigger': '',\n      'trigger_type': '',\n      'triggered_form': 'sbsNew',\n      'in_dialog': '',\n      'show': '',\n      'counter': '1000',\n      'category': '',\n      'service': '',\n      'employee': '',\n      'location': '',\n      'package': ''\n    }\n  );\n\n  var ameliaShortcodeDataTriggered = (typeof ameliaShortcodeDataTriggered === 'undefined') ? [] : ameliaShortcodeDataTriggered;\n  if (ameliaShortcodeData[ameliaShortcodeData.length - 1].trigger !== '') {\n    if (ameliaShortcodeDataTriggered.filter(a => a.counter === ameliaShortcodeData[ameliaShortcodeData.length - 1].counter).length === 0) {\n      ameliaShortcodeDataTriggered.push(ameliaShortcodeData.pop());\n    } else {\n      ameliaShortcodeData.pop()\n    }\n  }\n  if (typeof hasAmeliaEntitiesApiCall !== 'undefined' && hasAmeliaEntitiesApiCall) {\n    hasAmeliaEntitiesApiCall = false;\n  }\n<\/script>\n\n<div\n  id=\"amelia-v2-booking-1000\"\n  class=\"amelia-v2-booking\"\n >\n    <step-form-wrapper><\/step-form-wrapper><\/div>\n<\/div>\n","protected":false},"excerpt":{"rendered":"<p>Ci-dessous les ateliers ouverts, vous recevrez un mail de confirmation d&rsquo;inscription une fois votre r\u00e9servation valid\u00e9e. Pour une meilleure organisation, les inscriptions seront ouvertes 2 mois \u00e0 l\u2019avance et sont cl\u00f4tur\u00e9es deux jours avant. Merci d&rsquo;indiquer le Pr\u00e9nom de votre enfant lors de la r\u00e9servation ainsi que son stade moteur et son \u00e2ge dans la&hellip;<a href=\"https:\/\/aufildespas69.fr\/index.php\/reservation-des-ateliers\/\" class=\"more-link\">Continue reading <span class=\"screen-reader-text\">R\u00e9servation des ateliers<\/span><\/a><\/p>\n","protected":false},"author":1,"featured_media":0,"parent":0,"menu_order":0,"comment_status":"closed","ping_status":"closed","template":"","meta":{"footnotes":""},"_links":{"self":[{"href":"https:\/\/aufildespas69.fr\/index.php\/wp-json\/wp\/v2\/pages\/312"}],"collection":[{"href":"https:\/\/aufildespas69.fr\/index.php\/wp-json\/wp\/v2\/pages"}],"about":[{"href":"https:\/\/aufildespas69.fr\/index.php\/wp-json\/wp\/v2\/types\/page"}],"author":[{"embeddable":true,"href":"https:\/\/aufildespas69.fr\/index.php\/wp-json\/wp\/v2\/users\/1"}],"replies":[{"embeddable":true,"href":"https:\/\/aufildespas69.fr\/index.php\/wp-json\/wp\/v2\/comments?post=312"}],"version-history":[{"count":29,"href":"https:\/\/aufildespas69.fr\/index.php\/wp-json\/wp\/v2\/pages\/312\/revisions"}],"predecessor-version":[{"id":426,"href":"https:\/\/aufildespas69.fr\/index.php\/wp-json\/wp\/v2\/pages\/312\/revisions\/426"}],"wp:attachment":[{"href":"https:\/\/aufildespas69.fr\/index.php\/wp-json\/wp\/v2\/media?parent=312"}],"curies":[{"name":"wp","href":"https:\/\/api.w.org\/{rel}","templated":true}]}}