{"id":330,"date":"2024-01-03T00:15:13","date_gmt":"2024-01-02T23:15:13","guid":{"rendered":"http:\/\/aufildespas69.fr\/?page_id=330"},"modified":"2026-01-21T16:43:36","modified_gmt":"2026-01-21T15:43:36","slug":"consultations","status":"publish","type":"page","link":"https:\/\/aufildespas69.fr\/index.php\/consultations\/","title":{"rendered":"Consultations"},"content":{"rendered":"\n<p>Laura et Florine re\u00e7oivent des enfants \u00e2g\u00e9s entre 0 et 10 ans en suivi individuel et des personnes \u00e2g\u00e9es.<\/p>\n\n\n\n<p><strong>Suivi des b\u00e9b\u00e9s<\/strong> : afin de favoriser l\u2019int\u00e9gration des apprentissages moteurs et sociaux (blocage ou retard dans le d\u00e9veloppement moteur, troubles du tonus, troubles sensoriels, troubles de la relation\u2026). Nous proposons \u00e0 la fois des suivis individuels et des suivis en groupe. <\/p>\n\n\n\n<p><strong>Suivi des enfants<\/strong> : afin de d\u00e9velopper les capacit\u00e9s de communication et d\u2019expression de soi n\u00e9cessaires au d\u00e9veloppement (troubles des apprentissages, dyspraxie, difficult\u00e9s de coordination, troubles graphiques, inhibition, agitation, maladresses, retard de d\u00e9veloppement, troubles envahissants du d\u00e9veloppement\u2026).<\/p>\n\n\n\n<p><strong>Suivi des personnes \u00e2g\u00e9es<\/strong> : afin de soutenir la personne \u00e2g\u00e9e dans ses difficult\u00e9s (retour d\u2019hospitalisation, troubles de l\u2019\u00e9quilibre, syndrome post-chute, d\u00e9mences) et dans sa fin de vie.<\/p>\n\n\n\n<p>Vous pouvez vous inscrire sur notre liste d&rsquo;attente qui est commune : <a href=\"https:\/\/www.docorga.com\/praticien\/5e2801f93fe3529af8a6d171\" target=\"_blank\" rel=\"noreferrer noopener\">https:\/\/www.docorga.com\/praticien\/5e2801f93fe3529af8a6d171<\/a><\/p>\n","protected":false},"excerpt":{"rendered":"<p>Laura et Florine re\u00e7oivent des enfants \u00e2g\u00e9s entre 0 et 10 ans en suivi individuel et des personnes \u00e2g\u00e9es. Suivi des b\u00e9b\u00e9s : afin de favoriser l\u2019int\u00e9gration des apprentissages moteurs et sociaux (blocage ou retard dans le d\u00e9veloppement moteur, troubles du tonus, troubles sensoriels, troubles de la relation\u2026). Nous proposons \u00e0 la fois des suivis&hellip;<a href=\"https:\/\/aufildespas69.fr\/index.php\/consultations\/\" class=\"more-link\">Continue reading <span class=\"screen-reader-text\">Consultations<\/span><\/a><\/p>\n","protected":false},"author":1,"featured_media":0,"parent":0,"menu_order":0,"comment_status":"closed","ping_status":"closed","template":"","meta":{"footnotes":""},"_links":{"self":[{"href":"https:\/\/aufildespas69.fr\/index.php\/wp-json\/wp\/v2\/pages\/330"}],"collection":[{"href":"https:\/\/aufildespas69.fr\/index.php\/wp-json\/wp\/v2\/pages"}],"about":[{"href":"https:\/\/aufildespas69.fr\/index.php\/wp-json\/wp\/v2\/types\/page"}],"author":[{"embeddable":true,"href":"https:\/\/aufildespas69.fr\/index.php\/wp-json\/wp\/v2\/users\/1"}],"replies":[{"embeddable":true,"href":"https:\/\/aufildespas69.fr\/index.php\/wp-json\/wp\/v2\/comments?post=330"}],"version-history":[{"count":4,"href":"https:\/\/aufildespas69.fr\/index.php\/wp-json\/wp\/v2\/pages\/330\/revisions"}],"predecessor-version":[{"id":430,"href":"https:\/\/aufildespas69.fr\/index.php\/wp-json\/wp\/v2\/pages\/330\/revisions\/430"}],"wp:attachment":[{"href":"https:\/\/aufildespas69.fr\/index.php\/wp-json\/wp\/v2\/media?parent=330"}],"curies":[{"name":"wp","href":"https:\/\/api.w.org\/{rel}","templated":true}]}}