{"id":56,"date":"2019-10-04T19:13:12","date_gmt":"2019-10-04T17:13:12","guid":{"rendered":"http:\/\/aufildespas69.fr\/?page_id=56"},"modified":"2025-12-17T09:39:52","modified_gmt":"2025-12-17T08:39:52","slug":"date-ateliers-deveils","status":"publish","type":"page","link":"https:\/\/aufildespas69.fr\/index.php\/date-ateliers-deveils\/","title":{"rendered":"Dates ateliers d&rsquo;\u00e9veil 2026"},"content":{"rendered":"\n<p class=\"has-very-dark-gray-color has-text-color\"><em>Atelier parents-enfants du premier d\u00e9placement \u00e0 3 ans<\/em><\/p>\n\n\n\n<p class=\"has-text-color\" style=\"color:#000000\"><strong> <\/strong><\/p>\n\n\n\n<ul>\n<li>Samedi 24 janvier<\/li>\n\n\n\n<li>Samedi 21 f\u00e9vrier<\/li>\n\n\n\n<li>Samedi 21 mars<\/li>\n\n\n\n<li>Samedi 25 avril<\/li>\n\n\n\n<li>Samedi 30 mai<\/li>\n\n\n\n<li>Samedi 20 juin<\/li>\n<\/ul>\n\n\n\n<p class=\"has-text-color\" style=\"color:#000000\"><\/p>\n\n\n\n<p class=\"has-very-dark-gray-color has-text-color\">Les places sont limit\u00e9es, nous maintenons le groupe avec un minimum de 3  personnes. Les inscriptions seront cl\u00f4tur\u00e9es deux jours avant, pour une meilleure organisation. <\/p>\n\n\n\n<p>Les inscriptions seront ouvertes 2 mois \u00e0 l&rsquo;avance. <\/p>\n\n\n\n<p class=\"has-text-color has-medium-font-size\" style=\"color:#000000\"><strong> <a href=\"http:\/\/aufildespas69.fr\/index.php\/reservation-des-ateliers\/\">Inscription obligatoire<\/a><\/strong><\/p>\n\n\n\n<p class=\"has-text-color\" style=\"color:#000000\"> Tarif : 25\u20ac la s\u00e9ance. <\/p>\n\n\n\n<p><strong>Bon cadeau possible.<\/strong><\/p>\n\n\n<p><!--EndFragment--><\/p>","protected":false},"excerpt":{"rendered":"<p>Atelier parents-enfants du premier d\u00e9placement \u00e0 3 ans Les places sont limit\u00e9es, nous maintenons le groupe avec un minimum de 3 personnes. Les inscriptions seront cl\u00f4tur\u00e9es deux jours avant, pour une meilleure organisation. Les inscriptions seront ouvertes 2 mois \u00e0 l&rsquo;avance. Inscription obligatoire Tarif : 25\u20ac la s\u00e9ance. Bon cadeau possible.<\/p>\n","protected":false},"author":1,"featured_media":0,"parent":0,"menu_order":0,"comment_status":"closed","ping_status":"closed","template":"","meta":{"footnotes":""},"_links":{"self":[{"href":"https:\/\/aufildespas69.fr\/index.php\/wp-json\/wp\/v2\/pages\/56"}],"collection":[{"href":"https:\/\/aufildespas69.fr\/index.php\/wp-json\/wp\/v2\/pages"}],"about":[{"href":"https:\/\/aufildespas69.fr\/index.php\/wp-json\/wp\/v2\/types\/page"}],"author":[{"embeddable":true,"href":"https:\/\/aufildespas69.fr\/index.php\/wp-json\/wp\/v2\/users\/1"}],"replies":[{"embeddable":true,"href":"https:\/\/aufildespas69.fr\/index.php\/wp-json\/wp\/v2\/comments?post=56"}],"version-history":[{"count":36,"href":"https:\/\/aufildespas69.fr\/index.php\/wp-json\/wp\/v2\/pages\/56\/revisions"}],"predecessor-version":[{"id":423,"href":"https:\/\/aufildespas69.fr\/index.php\/wp-json\/wp\/v2\/pages\/56\/revisions\/423"}],"wp:attachment":[{"href":"https:\/\/aufildespas69.fr\/index.php\/wp-json\/wp\/v2\/media?parent=56"}],"curies":[{"name":"wp","href":"https:\/\/api.w.org\/{rel}","templated":true}]}}